{"id":243,"date":"2019-04-08T08:59:21","date_gmt":"2019-04-08T06:59:21","guid":{"rendered":"http:\/\/laminarie.com\/combinazioni\/combinazioni\/gillo-pontecorvo-e-la-battaglia-di-algeri-cento-di-questi-giorni\/"},"modified":"2024-06-06T14:35:07","modified_gmt":"2024-06-06T12:35:07","slug":"gillo-pontecorvo-e-la-battaglia-di-algeri-cento-di-questi-giorni","status":"publish","type":"combinazioni","link":"http:\/\/laminarie.com\/combinazioni\/combinazioni\/gillo-pontecorvo-e-la-battaglia-di-algeri-cento-di-questi-giorni\/","title":{"rendered":"Gillo Pontecorvo e La Battaglia di Algeri &#8211; Cento di questi giorni"},"content":{"rendered":"<p><img fetchpriority=\"high\" decoding=\"async\" class=\" size-full wp-image-242\" src=\"http:\/\/laminarie.com\/combinazioni\/wp-content\/uploads\/sites\/5\/2019\/04\/Immagini_social.jpg\" alt=\"Immagini social\" width=\"1920\" height=\"1080\" srcset=\"http:\/\/laminarie.com\/combinazioni\/wp-content\/uploads\/sites\/5\/2019\/04\/Immagini_social.jpg 1920w, http:\/\/laminarie.com\/combinazioni\/wp-content\/uploads\/sites\/5\/2019\/04\/Immagini_social-300x169.jpg 300w, http:\/\/laminarie.com\/combinazioni\/wp-content\/uploads\/sites\/5\/2019\/04\/Immagini_social-1024x576.jpg 1024w, http:\/\/laminarie.com\/combinazioni\/wp-content\/uploads\/sites\/5\/2019\/04\/Immagini_social-768x432.jpg 768w, http:\/\/laminarie.com\/combinazioni\/wp-content\/uploads\/sites\/5\/2019\/04\/Immagini_social-1536x864.jpg 1536w\" sizes=\"(max-width: 1920px) 100vw, 1920px\" \/><\/p>\n<p>Nell&#8217;ambito de<span style=\"color: #0000ff;\"> <a style=\"color: #0000ff;\" href=\"\/combinazioni\/gli-anni-incauti-la-nuova-rassegna-di-laminarie-per-il-teatro-dom-la-cupola-del-pilastro-dal-31-marzo-al-12-giugno-2019\/\" target=\"_blank\" rel=\"noopener\">GLI ANNI INCAUTI<\/a><\/span>, il <strong>10 aprile ore 19.00<\/strong>\u00a0l&#8217;appuntamento \u00e8 con\u00a0<em><strong>Gillo Pontecorvo e La Battaglia di Algeri &#8211; Cento di questi giorni<\/strong><\/em><br \/>\nInterverr\u00e0 <strong>Gian Luca Farinelli<\/strong> &#8211; Direttore Fondazione Cineteca di Bologna &#8211; che terr\u00e0 una lezione pubblica sul regista, sceneggiatore, attore italiano Gillo Pontecorvo.<\/p>\n<p><!--more--><\/p>\n<p>Durante l&#8217;incontro si ripercorr\u00e0 l\u2019attivit\u00e0 artistica del regista e del suo capolavoro: <em>La Battaglia di Algeri<\/em>, film con il quale vinse il Leone d\u2019oro alla Mostra internazionale d&#8217;arte cinematografica di Venezia nel 1966, oltre a diverse nomination agli Oscar.<br \/>\nCon questo film Pontecorvo racconta la lotta per l\u2019indipendenza dell\u2019Algeria, avvenuta dopo i disordini del 1962, e del ribelle Al\u00ec La Pointe, figura rivoluzionaria uccisa dall\u2019esercito francese.<\/p>\n<p>La versione franco-araba del film \u00e8 stata restaurata nel 2016 dalla Cineteca di Bologna e dall\u2019Istituto Luce &#8211; Cinecitt\u00e0, in collaborazione con Surf Film Srl e Casbah Entertainment.<\/p>\n<p>Appuntamento in collaborazione con <strong>Fondazione Cineteca di Bologna<\/strong><\/p>\n<p><span style=\"font-size: 8pt;\"><strong>Gian Luca Farinelli<\/strong>, nato a Bologna nel 1963, ha iniziato a collaborare con la Cineteca di Bologna nel 1984, per poi divenirne direttore nel 2000. Nel 1986 \u00e8 l\u2019ideatore del festival Il Cinema Ritrovato, manifestazione di carattere internazionale in equilibrio fra passato e presente, che crea un ponte tra il cinema delle origini e le pi\u00f9 recenti e avanzate tecniche di restauro cinematografico. Ha promosso la realizzazione della prima scuola italiana di restauro cinematografico L\u2019Immagine Ritrovata, e la nascita dell\u2019omonimo laboratorio, attivo dal 1992 e punto di eccellenza nel restauro a livello internazionale. Ha sovrinteso pi\u00f9 di 400 progetti di restauro, tra i quali ricordiamo Il Gattopardo di Luchino Visconti, La Dolce vita di Federico Fellini e i grandi capolavori di Sergio Leone tra i quali C&#8217;era una volta in America. Ha ricoperto un ruolo di rilievo nella creazione della Association des Cin\u00e9math\u00e8ques Europ\u00e9ennes ed \u00e8 stato tra i fondatori del World Cinema Project di Martin Scorsese. Nel 2014 ha ricevuto il prestigioso Silver Medallion, attribuito dal Festival di Telluride per l\u2019impegno nel campo della conservazione e della promozione del patrimonio cinematografico.<\/span><\/p>\n<p>Gli <strong>ANNI INCAUTI<\/strong> \u00e8 un progetto di LAMINARIE<br \/>\nrealizzato con il contributo di: Comune di Bologna, Regione Emilia Romagna \u2013 Assessorato Cultura, Fondazione Del Monte di Bologna e Ravenna.<br \/>\nCon il sostegno del Quartiere San Donato-San Vitale<\/p>\n<p><strong>INFO<\/strong><br \/>\n<strong>Ingresso libero<\/strong>\u00a0<strong>e gratuito<\/strong><br \/>\ninfo@laminarie.it \u2013 T 0516242160<br \/>\nAggiornamenti al programma: domlacupoladelpilastro.it &#8211; laminarie.it<br \/>\n<em>La mostra MIDOLLO tra le vertebre del Corviale e del Pilastro sar\u00e0 visitabile dal 30 marzo al 31 luglio<\/em><br \/>\nCome consuetudine di DOM ad ogni appuntamento sar\u00e0 offerto un piccolo rinfresco<\/p>\n","protected":false},"author":3,"featured_media":242,"template":"","meta":{"_acf_changed":false},"tags":[],"combinazioni_cat":[14,20,12,27,21,25,26],"class_list":["post-243","combinazioni","type-combinazioni","status-publish","has-post-thumbnail","hentry","combinazioni_cat-14","combinazioni_cat-dom","combinazioni_cat-gli-anni-incauti","combinazioni_cat-incontri-pubblici","combinazioni_cat-laminarie","combinazioni_cat-pilastro","combinazioni_cat-spettacoli"],"acf":[],"yoast_head":"<!-- This site is optimized with the Yoast SEO plugin v23.8 - https:\/\/yoast.com\/wordpress\/plugins\/seo\/ -->\n<title>Gillo Pontecorvo e La Battaglia di Algeri - Cento di questi giorni - Combinazioni<\/title>\n<meta name=\"robots\" content=\"index, follow, max-snippet:-1, max-image-preview:large, max-video-preview:-1\" \/>\n<link rel=\"canonical\" href=\"http:\/\/laminarie.com\/combinazioni\/combinazioni\/gillo-pontecorvo-e-la-battaglia-di-algeri-cento-di-questi-giorni\/\" \/>\n<meta property=\"og:locale\" content=\"it_IT\" \/>\n<meta property=\"og:type\" content=\"article\" \/>\n<meta property=\"og:title\" content=\"Gillo Pontecorvo e La Battaglia di Algeri - Cento di questi giorni - Combinazioni\" \/>\n<meta property=\"og:description\" content=\"Nell&#8217;ambito de GLI ANNI INCAUTI, il 10 aprile ore 19.00\u00a0l&#8217;appuntamento \u00e8 con\u00a0Gillo Pontecorvo e La Battaglia di Algeri &#8211; Cento di questi giorni Interverr\u00e0 Gian Luca Farinelli &#8211; Direttore Fondazione Cineteca di Bologna &#8211; che terr\u00e0 una lezione pubblica sul regista, sceneggiatore, attore italiano Gillo Pontecorvo.\" \/>\n<meta property=\"og:url\" content=\"http:\/\/laminarie.com\/combinazioni\/combinazioni\/gillo-pontecorvo-e-la-battaglia-di-algeri-cento-di-questi-giorni\/\" \/>\n<meta property=\"og:site_name\" content=\"Combinazioni\" \/>\n<meta property=\"article:modified_time\" content=\"2024-06-06T12:35:07+00:00\" \/>\n<meta property=\"og:image\" content=\"http:\/\/laminarie.com\/combinazioni\/wp-content\/uploads\/sites\/5\/2019\/04\/Immagini_social.jpg\" \/>\n\t<meta property=\"og:image:width\" content=\"1920\" \/>\n\t<meta property=\"og:image:height\" content=\"1080\" \/>\n\t<meta property=\"og:image:type\" content=\"image\/jpeg\" \/>\n<meta name=\"twitter:card\" content=\"summary_large_image\" \/>\n<meta name=\"twitter:label1\" content=\"Tempo di lettura stimato\" \/>\n\t<meta name=\"twitter:data1\" content=\"3 minuti\" \/>\n<script type=\"application\/ld+json\" class=\"yoast-schema-graph\">{\"@context\":\"https:\/\/schema.org\",\"@graph\":[{\"@type\":\"WebPage\",\"@id\":\"http:\/\/laminarie.com\/combinazioni\/combinazioni\/gillo-pontecorvo-e-la-battaglia-di-algeri-cento-di-questi-giorni\/\",\"url\":\"http:\/\/laminarie.com\/combinazioni\/combinazioni\/gillo-pontecorvo-e-la-battaglia-di-algeri-cento-di-questi-giorni\/\",\"name\":\"Gillo Pontecorvo e La Battaglia di Algeri - Cento di questi giorni - Combinazioni\",\"isPartOf\":{\"@id\":\"http:\/\/laminarie.com\/combinazioni\/#website\"},\"primaryImageOfPage\":{\"@id\":\"http:\/\/laminarie.com\/combinazioni\/combinazioni\/gillo-pontecorvo-e-la-battaglia-di-algeri-cento-di-questi-giorni\/#primaryimage\"},\"image\":{\"@id\":\"http:\/\/laminarie.com\/combinazioni\/combinazioni\/gillo-pontecorvo-e-la-battaglia-di-algeri-cento-di-questi-giorni\/#primaryimage\"},\"thumbnailUrl\":\"http:\/\/laminarie.com\/combinazioni\/wp-content\/uploads\/sites\/5\/2019\/04\/Immagini_social.jpg\",\"datePublished\":\"2019-04-08T06:59:21+00:00\",\"dateModified\":\"2024-06-06T12:35:07+00:00\",\"breadcrumb\":{\"@id\":\"http:\/\/laminarie.com\/combinazioni\/combinazioni\/gillo-pontecorvo-e-la-battaglia-di-algeri-cento-di-questi-giorni\/#breadcrumb\"},\"inLanguage\":\"it-IT\",\"potentialAction\":[{\"@type\":\"ReadAction\",\"target\":[\"http:\/\/laminarie.com\/combinazioni\/combinazioni\/gillo-pontecorvo-e-la-battaglia-di-algeri-cento-di-questi-giorni\/\"]}]},{\"@type\":\"ImageObject\",\"inLanguage\":\"it-IT\",\"@id\":\"http:\/\/laminarie.com\/combinazioni\/combinazioni\/gillo-pontecorvo-e-la-battaglia-di-algeri-cento-di-questi-giorni\/#primaryimage\",\"url\":\"http:\/\/laminarie.com\/combinazioni\/wp-content\/uploads\/sites\/5\/2019\/04\/Immagini_social.jpg\",\"contentUrl\":\"http:\/\/laminarie.com\/combinazioni\/wp-content\/uploads\/sites\/5\/2019\/04\/Immagini_social.jpg\",\"width\":1920,\"height\":1080,\"caption\":\"Immagini social\"},{\"@type\":\"BreadcrumbList\",\"@id\":\"http:\/\/laminarie.com\/combinazioni\/combinazioni\/gillo-pontecorvo-e-la-battaglia-di-algeri-cento-di-questi-giorni\/#breadcrumb\",\"itemListElement\":[{\"@type\":\"ListItem\",\"position\":1,\"name\":\"Home\",\"item\":\"http:\/\/laminarie.com\/combinazioni\/\"},{\"@type\":\"ListItem\",\"position\":2,\"name\":\"Gillo Pontecorvo e La Battaglia di Algeri &#8211; Cento di questi giorni\"}]},{\"@type\":\"WebSite\",\"@id\":\"http:\/\/laminarie.com\/combinazioni\/#website\",\"url\":\"http:\/\/laminarie.com\/combinazioni\/\",\"name\":\"Combinazioni\",\"description\":\"\",\"publisher\":{\"@id\":\"http:\/\/laminarie.com\/combinazioni\/#organization\"},\"potentialAction\":[{\"@type\":\"SearchAction\",\"target\":{\"@type\":\"EntryPoint\",\"urlTemplate\":\"http:\/\/laminarie.com\/combinazioni\/?s={search_term_string}\"},\"query-input\":{\"@type\":\"PropertyValueSpecification\",\"valueRequired\":true,\"valueName\":\"search_term_string\"}}],\"inLanguage\":\"it-IT\"},{\"@type\":\"Organization\",\"@id\":\"http:\/\/laminarie.com\/combinazioni\/#organization\",\"name\":\"Combinazioni\",\"url\":\"http:\/\/laminarie.com\/combinazioni\/\",\"logo\":{\"@type\":\"ImageObject\",\"inLanguage\":\"it-IT\",\"@id\":\"http:\/\/laminarie.com\/combinazioni\/#\/schema\/logo\/image\/\",\"url\":\"http:\/\/laminarie.com\/combinazioni\/wp-content\/uploads\/sites\/5\/2015\/11\/logo-combinazioni-big.png\",\"contentUrl\":\"http:\/\/laminarie.com\/combinazioni\/wp-content\/uploads\/sites\/5\/2015\/11\/logo-combinazioni-big.png\",\"width\":532,\"height\":85,\"caption\":\"Combinazioni\"},\"image\":{\"@id\":\"http:\/\/laminarie.com\/combinazioni\/#\/schema\/logo\/image\/\"}}]}<\/script>\n<!-- \/ Yoast SEO plugin. -->","yoast_head_json":{"title":"Gillo Pontecorvo e La Battaglia di Algeri - Cento di questi giorni - Combinazioni","robots":{"index":"index","follow":"follow","max-snippet":"max-snippet:-1","max-image-preview":"max-image-preview:large","max-video-preview":"max-video-preview:-1"},"canonical":"http:\/\/laminarie.com\/combinazioni\/combinazioni\/gillo-pontecorvo-e-la-battaglia-di-algeri-cento-di-questi-giorni\/","og_locale":"it_IT","og_type":"article","og_title":"Gillo Pontecorvo e La Battaglia di Algeri - Cento di questi giorni - Combinazioni","og_description":"Nell&#8217;ambito de GLI ANNI INCAUTI, il 10 aprile ore 19.00\u00a0l&#8217;appuntamento \u00e8 con\u00a0Gillo Pontecorvo e La Battaglia di Algeri &#8211; Cento di questi giorni Interverr\u00e0 Gian Luca Farinelli &#8211; Direttore Fondazione Cineteca di Bologna &#8211; che terr\u00e0 una lezione pubblica sul regista, sceneggiatore, attore italiano Gillo Pontecorvo.","og_url":"http:\/\/laminarie.com\/combinazioni\/combinazioni\/gillo-pontecorvo-e-la-battaglia-di-algeri-cento-di-questi-giorni\/","og_site_name":"Combinazioni","article_modified_time":"2024-06-06T12:35:07+00:00","og_image":[{"width":1920,"height":1080,"url":"http:\/\/laminarie.com\/combinazioni\/wp-content\/uploads\/sites\/5\/2019\/04\/Immagini_social.jpg","type":"image\/jpeg"}],"twitter_card":"summary_large_image","twitter_misc":{"Tempo di lettura stimato":"3 minuti"},"schema":{"@context":"https:\/\/schema.org","@graph":[{"@type":"WebPage","@id":"http:\/\/laminarie.com\/combinazioni\/combinazioni\/gillo-pontecorvo-e-la-battaglia-di-algeri-cento-di-questi-giorni\/","url":"http:\/\/laminarie.com\/combinazioni\/combinazioni\/gillo-pontecorvo-e-la-battaglia-di-algeri-cento-di-questi-giorni\/","name":"Gillo Pontecorvo e La Battaglia di Algeri - Cento di questi giorni - Combinazioni","isPartOf":{"@id":"http:\/\/laminarie.com\/combinazioni\/#website"},"primaryImageOfPage":{"@id":"http:\/\/laminarie.com\/combinazioni\/combinazioni\/gillo-pontecorvo-e-la-battaglia-di-algeri-cento-di-questi-giorni\/#primaryimage"},"image":{"@id":"http:\/\/laminarie.com\/combinazioni\/combinazioni\/gillo-pontecorvo-e-la-battaglia-di-algeri-cento-di-questi-giorni\/#primaryimage"},"thumbnailUrl":"http:\/\/laminarie.com\/combinazioni\/wp-content\/uploads\/sites\/5\/2019\/04\/Immagini_social.jpg","datePublished":"2019-04-08T06:59:21+00:00","dateModified":"2024-06-06T12:35:07+00:00","breadcrumb":{"@id":"http:\/\/laminarie.com\/combinazioni\/combinazioni\/gillo-pontecorvo-e-la-battaglia-di-algeri-cento-di-questi-giorni\/#breadcrumb"},"inLanguage":"it-IT","potentialAction":[{"@type":"ReadAction","target":["http:\/\/laminarie.com\/combinazioni\/combinazioni\/gillo-pontecorvo-e-la-battaglia-di-algeri-cento-di-questi-giorni\/"]}]},{"@type":"ImageObject","inLanguage":"it-IT","@id":"http:\/\/laminarie.com\/combinazioni\/combinazioni\/gillo-pontecorvo-e-la-battaglia-di-algeri-cento-di-questi-giorni\/#primaryimage","url":"http:\/\/laminarie.com\/combinazioni\/wp-content\/uploads\/sites\/5\/2019\/04\/Immagini_social.jpg","contentUrl":"http:\/\/laminarie.com\/combinazioni\/wp-content\/uploads\/sites\/5\/2019\/04\/Immagini_social.jpg","width":1920,"height":1080,"caption":"Immagini social"},{"@type":"BreadcrumbList","@id":"http:\/\/laminarie.com\/combinazioni\/combinazioni\/gillo-pontecorvo-e-la-battaglia-di-algeri-cento-di-questi-giorni\/#breadcrumb","itemListElement":[{"@type":"ListItem","position":1,"name":"Home","item":"http:\/\/laminarie.com\/combinazioni\/"},{"@type":"ListItem","position":2,"name":"Gillo Pontecorvo e La Battaglia di Algeri &#8211; Cento di questi giorni"}]},{"@type":"WebSite","@id":"http:\/\/laminarie.com\/combinazioni\/#website","url":"http:\/\/laminarie.com\/combinazioni\/","name":"Combinazioni","description":"","publisher":{"@id":"http:\/\/laminarie.com\/combinazioni\/#organization"},"potentialAction":[{"@type":"SearchAction","target":{"@type":"EntryPoint","urlTemplate":"http:\/\/laminarie.com\/combinazioni\/?s={search_term_string}"},"query-input":{"@type":"PropertyValueSpecification","valueRequired":true,"valueName":"search_term_string"}}],"inLanguage":"it-IT"},{"@type":"Organization","@id":"http:\/\/laminarie.com\/combinazioni\/#organization","name":"Combinazioni","url":"http:\/\/laminarie.com\/combinazioni\/","logo":{"@type":"ImageObject","inLanguage":"it-IT","@id":"http:\/\/laminarie.com\/combinazioni\/#\/schema\/logo\/image\/","url":"http:\/\/laminarie.com\/combinazioni\/wp-content\/uploads\/sites\/5\/2015\/11\/logo-combinazioni-big.png","contentUrl":"http:\/\/laminarie.com\/combinazioni\/wp-content\/uploads\/sites\/5\/2015\/11\/logo-combinazioni-big.png","width":532,"height":85,"caption":"Combinazioni"},"image":{"@id":"http:\/\/laminarie.com\/combinazioni\/#\/schema\/logo\/image\/"}}]}},"_links":{"self":[{"href":"http:\/\/laminarie.com\/combinazioni\/wp-json\/wp\/v2\/combinazioni\/243"}],"collection":[{"href":"http:\/\/laminarie.com\/combinazioni\/wp-json\/wp\/v2\/combinazioni"}],"about":[{"href":"http:\/\/laminarie.com\/combinazioni\/wp-json\/wp\/v2\/types\/combinazioni"}],"author":[{"embeddable":true,"href":"http:\/\/laminarie.com\/combinazioni\/wp-json\/wp\/v2\/users\/3"}],"wp:featuredmedia":[{"embeddable":true,"href":"http:\/\/laminarie.com\/combinazioni\/wp-json\/wp\/v2\/media\/242"}],"wp:attachment":[{"href":"http:\/\/laminarie.com\/combinazioni\/wp-json\/wp\/v2\/media?parent=243"}],"wp:term":[{"taxonomy":"post_tag","embeddable":true,"href":"http:\/\/laminarie.com\/combinazioni\/wp-json\/wp\/v2\/tags?post=243"},{"taxonomy":"combinazioni_cat","embeddable":true,"href":"http:\/\/laminarie.com\/combinazioni\/wp-json\/wp\/v2\/combinazioni_cat?post=243"}],"curies":[{"name":"wp","href":"https:\/\/api.w.org\/{rel}","templated":true}]}}